{"id":147,"date":"2020-06-21T13:29:51","date_gmt":"2020-06-21T16:29:51","guid":{"rendered":"https:\/\/www.trabajadoresdearte.org\/sitio\/?page_id=147"},"modified":"2025-03-04T10:05:29","modified_gmt":"2025-03-04T13:05:29","slug":"acuerdo-de-trabajadores-argentina","status":"publish","type":"page","link":"https:\/\/www.trabajadoresdearte.org\/sitio\/acuerdo-de-trabajadores-argentina\/","title":{"rendered":"Acuerdo de Trabajadores &#8211; Argentina"},"content":{"rendered":"<div class=\"boldgrid-section\" style=\"background-color: #ffffff;\">\n<div class=\"container\">\n<div class=\"row\" style=\"padding-top: 50px; padding-bottom: 10px;\">\n<div class=\"col-md-12 col-sm-12 col-xs-12 col-lg-12\">\n<h1 class=\"\" style=\"text-align: center;\"><strong>ACUERDO DE TRABAJADORES<br \/>\nPara la Regulaci\u00f3n de las Relaciones Laborales entre Personas, Organizaciones e Instituciones de Arte Contempor\u00e1neo.<\/strong><\/h1>\n<p class=\"\" style=\"text-align: center;\"><span class=\"Verdana12\">vigente para <strong>Argentina<\/strong>. versi\u00f3n 7.0 &#8211; febrero 2025.<\/span><\/p>\n<\/div>\n<\/div>\n<div class=\"row\" style=\"padding-bottom: 50px; padding-top: 10px;\">\n<div class=\"col-md-6 col-sm-6 col-xs-12 col-lg-6\">\n<p class=\"\">El&nbsp;<strong>Acuerdo de Trabajadoras y Trabajadores de Arte<\/strong>&nbsp;es un esfuerzo conjunto por establecer las condiciones necesarias para los derechos laborales y condiciones dignas de remuneraci\u00f3n.<\/p>\n<p class=\"\"><strong>Ayud\u00e1nos a difundirlo.<\/strong><em>&nbsp;Mientras m\u00e1s seamos mejor podremos ejercer nuestros derechos como trabajadores<\/em>.<\/p>\n<p class=\"\">Si ten\u00e9s observaciones, dudas o comentarios <strong>entr\u00e1 en contacto con nosotros <\/strong>a trav\u00e9s de nuestros grupos de debate <a href=\"http:\/\/tiny.cc\/trabajadoresdearte\" target=\"_blank\" rel=\"noopener noreferrer\">http:\/\/tiny.cc\/trabajadoresdearte<\/a>&nbsp;(whatsapp) y <a href=\"http:\/\/t.me\/trabajadoresdearte\" target=\"_blank\" rel=\"noopener noreferrer\">http:\/\/t.me\/trabajadoresdearte<\/a> (telegram).<\/p>\n<p class=\"\"><strong>\u00bfQuieres que tu Presupuesto en Arte incluya tu trayectoria de trabajo?<\/strong> usa la <a href=\"http:\/\/cuantovalemitrabajoenarte.org\/\" target=\"_blank\" rel=\"noopener\"><strong>Calculadora de Presupuesto en Arte<\/strong><\/a><\/p>\n<p class=\"\" style=\"text-align: center;\"><a href=\"http:\/\/cuantovalemitrabajoenarte.org\/\" target=\"_blank\" rel=\"noopener\"><img decoding=\"async\" src=\"https:\/\/www.trabajadoresdearte.org\/sitio\/wp-content\/uploads\/2021\/05\/photo5014854607549081942-300x300.jpg\"><\/a><\/p>\n<\/div>\n<div class=\"col-md-6 col-sm-6 col-xs-12 color4-background-color color-4-text-contrast bg-background-color col-lg-6\">\n<h1 class=\"\"><strong class=\"verdana11\">Novedades en la Versi\u00f3n 7.0 \/ febrero <\/strong><strong class=\"verdana11\">2025<\/strong><\/h1>\n<ul class=\"\" style=\"font-size: 14px;\">\n<li style=\"list-style-type: none;\">\n<ul class=\"\">\n<li class=\"verdana111\"><strong>Actualizaci\u00f3n de los Montos M\u00ednimos <\/strong><strong>Referenciales<\/strong> de acuerdo a los utilizados por la Calculadora de Presupuesto en Arte.<br \/>\n<a href=\"http:\/\/cuantovalemitrabajoenarte.org\" target=\"_blank\" rel=\"noopener\">http:\/\/cuantovalemitrabajoenarte.org<\/a>&nbsp;<\/li>\n<\/ul>\n<\/li>\n<\/ul>\n<div class=\"row bg-editor-hr-wrap\">\n<div class=\"col-md-12 col-xs-12 col-sm-12 col-lg-12\">\n<div>\n<div class=\"bg-hr bg-hr-2\"><\/div>\n<p>&nbsp;<\/p>\n<\/div>\n<\/div>\n<\/div>\n<p class=\"\" style=\"font-size: 14px;\"><strong>El Acuerdo de Trabajadores de Arte fue homologado con TAV<\/strong> (Tarifario de Artes Visuales &#8211; Argentina) realizado en septiembre de 2020 por <em>AAVA &#8211; Artistas Visuales Autoconvocades<\/em> , <em>Nosotras Proponemos<\/em>, <em>Asociaci\u00f3n de Artistas de Rosario<\/em>, <em>La Lola Mora<\/em> y <em>Trabajadorxs del Arte Feministas C\u00f3rdoba.<\/em><\/p>\n<div class=\"row bg-editor-hr-wrap\">\n<div class=\"col-md-12 col-xs-12 col-sm-12 col-lg-12\">\n<div>\n<div class=\"bg-hr bg-hr-2\"><\/div>\n<p>&nbsp;<\/p>\n<\/div>\n<\/div>\n<\/div>\n<p class=\"\" style=\"text-align: center; font-size: 14px;\"><strong>Comparte, descarga y agrega a tus publicaciones impresas este c\u00f3digo QR con el enlace de esta p\u00e1gina.<\/strong><\/p>\n<p class=\"\" style=\"background-color: #ffffff; text-align: center; font-size: 14px;\"><img loading=\"lazy\" decoding=\"async\" class=\"alignnone wp-image-853\" src=\"https:\/\/www.trabajadoresdearte.org\/sitio\/wp-content\/uploads\/2021\/06\/Acuerdo_Trabajadores_ARGENTINA.png\" alt=\"\" width=\"250\" height=\"260\"><br \/>\n<strong>Acuerdo de Trabajadores de Arte para Argentina<\/strong><\/p>\n<\/div>\n<\/div>\n<\/div>\n<\/div>\n<div class=\"boldgrid-section\">\n<div class=\"container\">\n<div class=\"row\">\n<div class=\"col-md-12 col-xs-12 col-sm-12 col-lg-12\">\n<div class=\"\">\n<p class=\"\" style=\"text-align: center;\"><\/p>\n<\/div>\n<\/div>\n<\/div>\n<\/div>\n<\/div>\n<div class=\"boldgrid-section\">\n<div class=\"container\">\n<div class=\"row\">\n<div class=\"col-md-12 col-xs-12 col-sm-12 col-lg-12\"><\/div>\n<\/div>\n<\/div>\n<\/div>\n","protected":false},"excerpt":{"rendered":"<p>ACUERDO DE TRABAJADORES Para la Regulaci\u00f3n de las Relaciones Laborales entre Personas, Organizaciones e Instituciones de Arte Contempor\u00e1neo. vigente para Argentina. versi\u00f3n 7.0 &#8211; febrero 2025. El&nbsp;Acuerdo de Trabajadoras y Trabajadores de Arte&nbsp;es un esfuerzo conjunto por establecer las condiciones necesarias para los derechos laborales y condiciones dignas de remuneraci\u00f3n. Ayud\u00e1nos a difundirlo.&nbsp;Mientras m\u00e1s seamos &hellip; <a href=\"https:\/\/www.trabajadoresdearte.org\/sitio\/acuerdo-de-trabajadores-argentina\/\" class=\"more-link\">Sigue leyendo <span class=\"screen-reader-text\">Acuerdo de Trabajadores &#8211; Argentina<\/span><\/a><\/p>\n","protected":false},"author":1,"featured_media":0,"parent":0,"menu_order":0,"comment_status":"closed","ping_status":"closed","template":"template\/page\/fullwidth.php","meta":{"bgseo_title":"","bgseo_description":"","bgseo_robots_index":"index","bgseo_robots_follow":"follow","footnotes":""},"class_list":["post-147","page","type-page","status-publish","hentry"],"_links":{"self":[{"href":"https:\/\/www.trabajadoresdearte.org\/sitio\/wp-json\/wp\/v2\/pages\/147","targetHints":{"allow":["GET"]}}],"collection":[{"href":"https:\/\/www.trabajadoresdearte.org\/sitio\/wp-json\/wp\/v2\/pages"}],"about":[{"href":"https:\/\/www.trabajadoresdearte.org\/sitio\/wp-json\/wp\/v2\/types\/page"}],"author":[{"embeddable":true,"href":"https:\/\/www.trabajadoresdearte.org\/sitio\/wp-json\/wp\/v2\/users\/1"}],"replies":[{"embeddable":true,"href":"https:\/\/www.trabajadoresdearte.org\/sitio\/wp-json\/wp\/v2\/comments?post=147"}],"version-history":[{"count":10,"href":"https:\/\/www.trabajadoresdearte.org\/sitio\/wp-json\/wp\/v2\/pages\/147\/revisions"}],"predecessor-version":[{"id":1438,"href":"https:\/\/www.trabajadoresdearte.org\/sitio\/wp-json\/wp\/v2\/pages\/147\/revisions\/1438"}],"wp:attachment":[{"href":"https:\/\/www.trabajadoresdearte.org\/sitio\/wp-json\/wp\/v2\/media?parent=147"}],"curies":[{"name":"wp","href":"https:\/\/api.w.org\/{rel}","templated":true}]}}