{"id":164,"date":"2020-06-21T17:17:33","date_gmt":"2020-06-21T20:17:33","guid":{"rendered":"https:\/\/www.trabajadoresdearte.org\/sitio\/?page_id=164"},"modified":"2022-10-18T16:56:56","modified_gmt":"2022-10-18T19:56:56","slug":"acuerdo-de-trabajadores-chile","status":"publish","type":"page","link":"https:\/\/www.trabajadoresdearte.org\/sitio\/acuerdo-de-trabajadores-chile\/","title":{"rendered":"Acuerdo de Trabajadores &#8211; Chile"},"content":{"rendered":"<div class=\"boldgrid-section\">\n<div class=\"container\">\n<div class=\"row\" style=\"padding-top: 50px; padding-bottom: 10px;\">\n<div class=\"col-md-12 col-sm-12 col-xs-12 col-lg-12\">\n<h1 class=\"\" style=\"text-align: center;\"><strong>ACUERDO DE TRABAJADORES<br \/>\nPara la Regulaci\u00f3n de las Relaciones Laborales entre Personas, Organizaciones e Instituciones de Arte Contempor\u00e1neo.<\/strong><\/h1>\n<p class=\"\" style=\"text-align: center;\"><span class=\"Verdana12\">vigente para <strong>Chile<\/strong>. versi\u00f3n 6.1 &#8211; junio 2021.<\/span><\/p>\n<\/div>\n<\/div>\n<div class=\"row\" style=\"padding-bottom: 21px; padding-top: 10px;\">\n<div class=\"col-md-6 col-sm-6 col-xs-12 col-lg-6\">\n<ul class=\"\">\n<li style=\"list-style-type: none;\">\n<ul class=\"\" style=\"font-size: 17px;\">\n<li class=\"verdana111\"><strong><a href=\"https:\/\/www.trabajadoresdearte.org\/sitio\/wp-content\/uploads\/2021\/06\/Acuerdo_de_Trabajadores_de_Arte_CHILE_V6-1_junio-2021.pdf\" target=\"_blank\" rel=\"noopener\">Descarga el Acuerdo<\/a><\/strong>&nbsp;, l\u00e9elo cuidadosamente y conserva una copia.<\/li>\n<li class=\"verdana111\">Ingresa al <strong><a href=\"https:\/\/www.trabajadoresdearte.org\/sitio\/suscribe-el-acuerdo-de-trabajadores\/\">Formulario ONLINE para suscribirlo<\/a><\/strong>&nbsp;y completa tus datos.<\/li>\n<li class=\"verdana111\">Ay\u00fadanos a difundirlo,<em>&nbsp;mientras m\u00e1s seamos mejor podremos ejercer nuestros derechos como trabajadores<\/em>.<\/li>\n<\/ul>\n<\/li>\n<\/ul>\n<p class=\"\"><strong>ENTREMOS EN CONTACTO!<\/strong><\/p>\n<ul class=\"\">\n<li style=\"list-style-type: none;\">\n<ul class=\"\" style=\"font-size: 14px;\">\n<li><a href=\"http:\/\/tiny.cc\/trabajadoresdearte2\" target=\"_blank\" rel=\"noopener noreferrer\"><img decoding=\"async\" src=\"https:\/\/www.trabajadoresdearte.org\/images\/whatsapp.jpg\" alt=\"Trabajadores de Arte en Whatsapp\"><\/a>&nbsp; ( whatsapp: <a href=\"http:\/\/tiny.cc\/trabajadoresdearte2\" target=\"_blank\" rel=\"noopener noreferrer\">http:\/\/tiny.cc\/trabajadoresdearte2<\/a> )<\/li>\n<li><a href=\"http:\/\/t.me\/trabajadoresdearte\" target=\"_blank\" rel=\"noopener noreferrer\"><img decoding=\"async\" src=\"https:\/\/www.trabajadoresdearte.org\/images\/telegram_30.jpg\" alt=\"Trabajadores de Arte en Telegram\"><\/a> ( telegram: <a href=\"http:\/\/t.me\/trabajadoresdearte\" target=\"_blank\" rel=\"noopener noreferrer\">http:\/\/t.me\/trabajadoresdearte<\/a> )<\/li>\n<li>escr\u00edbenos al mail <strong><span style=\"text-decoration: underline;\">contacto@trabajadoresdearte.org<\/span><\/strong>&nbsp;<\/li>\n<\/ul>\n<\/li>\n<\/ul>\n<p class=\"\"><strong>\u00bfQuieres que tu Presupuesto en Arte incluya tu trayectoria de trabajo?<\/strong> usa la <a href=\"http:\/\/cuantovalemitrabajoenarte.org\/\" target=\"_blank\" rel=\"noopener\"><strong>Calculadora de Presupuesto en Arte<\/strong><\/a><\/p>\n<p class=\"\" style=\"text-align: center;\"><a href=\"http:\/\/cuantovalemitrabajoenarte.org\/\" target=\"_blank\" rel=\"noopener\"><img decoding=\"async\" src=\"https:\/\/www.trabajadoresdearte.org\/sitio\/wp-content\/uploads\/2021\/05\/photo5014854607549081942-300x300.jpg\"><\/a><\/p>\n<p class=\"\" style=\"text-align: center;\">&nbsp;<\/p>\n<div><\/div>\n<\/div>\n<div class=\"col-md-6 col-sm-6 col-xs-12 color4-background-color color-4-text-contrast bg-background-color col-lg-6\">\n<h2 class=\"\"><strong class=\"verdana11\">Novedades en la Versi\u00f3n 6.1 \/ junio <\/strong><strong class=\"verdana11\">2021<\/strong><\/h2>\n<ul class=\"\" style=\"font-size: 14px;\">\n<li style=\"list-style-type: none;\">\n<ul class=\"\">\n<li class=\"verdana111\"><strong>Actualizaci\u00f3n de los Montos M\u00ednimos <\/strong><strong>Referenciales<\/strong>&nbsp;de acuerdo a los utilizados por la Calculadora de Presupuesto en Arte.<br \/>\n<a href=\"http:\/\/cuantovalemitrabajoenarte.org\/\" target=\"_blank\" rel=\"noopener\">http:\/\/cuantovalemitrabajoenarte.org<\/a><\/li>\n<\/ul>\n<\/li>\n<\/ul>\n<div class=\"row bg-editor-hr-wrap\">\n<div class=\"col-md-12 col-xs-12 col-sm-12 col-lg-12\">\n<div>\n<div class=\"bg-hr bg-hr-2\"><\/div>\n<p>&nbsp;<\/p>\n<\/div>\n<\/div>\n<\/div>\n<form class=\"\" action=\"http:\/\/scripts.dreamhost.com\/add_list.cgi\" method=\"post\">\n<pre><input name=\"list\" type=\"hidden\" value=\"contacto@trabajadoresdearte.org\"><strong>Recibe las noticias de Trabajadores de Arte en tu mail.<\/strong>\r\n<input name=\"emailit\" type=\"hidden\" value=\"1\">\r\n<span class=\"verdana9\">Nombre<\/span>:\r\n<input style=\"background-color: #ffffa0;\" name=\"name\" type=\"text\">\r\n\r\n<span class=\"verdana9\">E-mail:<\/span>\r\n<input style=\"background-color: #ffffa0;\" name=\"email\" type=\"text\"><\/pre>\n<div><input name=\"submit\" type=\"submit\" value=\"Inscr\u00edbete\"><\/div>\n<\/form>\n<div class=\"row bg-editor-hr-wrap current-edit-as-row\">\n<div class=\"col-md-12 col-xs-12 col-sm-12 col-lg-12\">\n<div>\n<p>&nbsp;<\/p>\n<div class=\"bg-hr bg-hr-2\"><\/div>\n<p>&nbsp;<\/p>\n<\/div>\n<\/div>\n<\/div>\n<p class=\"\" style=\"text-align: center; font-size: 14px;\"><strong>Comparte, descarga y agrega a tus publicaciones impresas este c\u00f3digo QR con el enlace de esta p\u00e1gina.<\/strong><\/p>\n<p class=\"\" style=\"background-color: #ffffff; text-align: center; font-size: 14px;\"><img loading=\"lazy\" decoding=\"async\" class=\"alignnone wp-image-860 \" src=\"https:\/\/www.trabajadoresdearte.org\/sitio\/wp-content\/uploads\/2021\/06\/Acuerdo_trabajadores_CHILE.png\" alt=\"\" width=\"251\" height=\"268\"><br \/>\n<strong>Acuerdo de Trabajadores de Arte para Chile<\/strong><\/p>\n<\/div>\n<\/div>\n<\/div>\n<\/div>\n<div class=\"boldgrid-section\">\n<div class=\"container\">\n<div class=\"row\">\n<div class=\"col-md-12 col-xs-12 col-sm-12 col-lg-12\">\n<div class=\"\">\n<p class=\"\" style=\"text-align: center;\"><\/p>\n<\/div>\n<\/div>\n<\/div>\n<\/div>\n<\/div>\n<div class=\"boldgrid-section\">\n<div class=\"container\">\n<div class=\"row\">\n<div class=\"col-md-12 col-xs-12 col-sm-12 col-lg-12\" style=\"text-align: center;\"><\/div>\n<\/div>\n<\/div>\n<\/div>\n","protected":false},"excerpt":{"rendered":"<p>ACUERDO DE TRABAJADORES Para la Regulaci\u00f3n de las Relaciones Laborales entre Personas, Organizaciones e Instituciones de Arte Contempor\u00e1neo. vigente para Chile. versi\u00f3n 6.1 &#8211; junio 2021. Descarga el Acuerdo&nbsp;, l\u00e9elo cuidadosamente y conserva una copia. Ingresa al Formulario ONLINE para suscribirlo&nbsp;y completa tus datos. Ay\u00fadanos a difundirlo,&nbsp;mientras m\u00e1s seamos mejor podremos ejercer nuestros derechos como &hellip; <a href=\"https:\/\/www.trabajadoresdearte.org\/sitio\/acuerdo-de-trabajadores-chile\/\" class=\"more-link\">Sigue leyendo <span class=\"screen-reader-text\">Acuerdo de Trabajadores &#8211; Chile<\/span><\/a><\/p>\n","protected":false},"author":1,"featured_media":0,"parent":0,"menu_order":0,"comment_status":"closed","ping_status":"closed","template":"template\/page\/fullwidth.php","meta":{"bgseo_title":"","bgseo_description":"","bgseo_robots_index":"index","bgseo_robots_follow":"follow","footnotes":""},"class_list":["post-164","page","type-page","status-publish","hentry"],"_links":{"self":[{"href":"https:\/\/www.trabajadoresdearte.org\/sitio\/wp-json\/wp\/v2\/pages\/164","targetHints":{"allow":["GET"]}}],"collection":[{"href":"https:\/\/www.trabajadoresdearte.org\/sitio\/wp-json\/wp\/v2\/pages"}],"about":[{"href":"https:\/\/www.trabajadoresdearte.org\/sitio\/wp-json\/wp\/v2\/types\/page"}],"author":[{"embeddable":true,"href":"https:\/\/www.trabajadoresdearte.org\/sitio\/wp-json\/wp\/v2\/users\/1"}],"replies":[{"embeddable":true,"href":"https:\/\/www.trabajadoresdearte.org\/sitio\/wp-json\/wp\/v2\/comments?post=164"}],"version-history":[{"count":11,"href":"https:\/\/www.trabajadoresdearte.org\/sitio\/wp-json\/wp\/v2\/pages\/164\/revisions"}],"predecessor-version":[{"id":1230,"href":"https:\/\/www.trabajadoresdearte.org\/sitio\/wp-json\/wp\/v2\/pages\/164\/revisions\/1230"}],"wp:attachment":[{"href":"https:\/\/www.trabajadoresdearte.org\/sitio\/wp-json\/wp\/v2\/media?parent=164"}],"curies":[{"name":"wp","href":"https:\/\/api.w.org\/{rel}","templated":true}]}}