{"id":543,"date":"2021-01-06T09:51:09","date_gmt":"2021-01-06T12:51:09","guid":{"rendered":"https:\/\/www.trabajadoresdearte.org\/sitio\/?page_id=543"},"modified":"2023-04-05T10:58:52","modified_gmt":"2023-04-05T13:58:52","slug":"acordo-de-trabalhadores-de-arte-brasil","status":"publish","type":"page","link":"https:\/\/www.trabajadoresdearte.org\/sitio\/acordo-de-trabalhadores-de-arte-brasil\/","title":{"rendered":"Acordo de Trabalhadores de Arte &#8211; Brasil."},"content":{"rendered":"<div class=\"boldgrid-section\" style=\"background-color: #ffffff;\">\n<div class=\"container\">\n<div class=\"row\" style=\"padding-top: 50px; padding-bottom: 10px;\">\n<div class=\"col-md-12 col-sm-12 col-xs-12 col-lg-12\">\n<h1 class=\"\" style=\"text-align: center;\"><strong>Acordo de Trabalhadores de Arte Contempor\u00e2nea para a Regula\u00e7\u00e3o das Rela\u00e7\u00f5es de Trabalho entre Pessoas, Organiza\u00e7\u00f5es e Institui\u00e7\u00f5es de Arte Contempor\u00e2nea<\/strong>.<\/h1>\n<p class=\"\" style=\"text-align: center;\">atualizado para o <strong>Brasil<\/strong>. vers\u00e3o 1.2 &#8211; junho de 2021.<\/p>\n<\/div>\n<\/div>\n<div class=\"row\" style=\"padding-bottom: 50px; padding-top: 10px;\">\n<div class=\"col-md-6 col-sm-6 col-xs-12 col-lg-6\">\n<ul class=\"\">\n<li style=\"list-style-type: none;\">\n<ul class=\"\" style=\"font-size: 16px;\">\n<li class=\"verdana111\"><a href=\"https:\/\/www.trabajadoresdearte.org\/sitio\/wp-content\/uploads\/2021\/06\/Acordo_de_Trabalhadores_de_Arte_Contemporanea-Brasil_v1-2_junho2021.pdf.pdf\" target=\"_blank\" rel=\"noopener\"><strong>Baixe o Acordo<\/strong><\/a>&nbsp;, leia-o com aten\u00e7\u00e3o e guarde uma c\u00f3pia.<\/li>\n<li class=\"verdana111\"><strong>Entre no Formul\u00e1rio ONLINE para se inscrever<\/strong> e preencher seus dados.<\/li>\n<li class=\"verdana111\"><strong>Ajude-nos a espalhar-lo<\/strong>. Quanto mais somos, melhor podemos exercer nossos direitos como trabalhadores.<\/li>\n<li class=\"verdana111\">Se voc\u00ea tiver observa\u00e7\u00f5es, d\u00favidas ou coment\u00e1rios, <strong>entre em contato conosco<\/strong> atrav\u00e9s de nossos grupos de discuss\u00e3o <a href=\"http:\/\/tiny.cc\/trabalhadoresdearte\">http:\/\/tiny.cc\/trabalhadoresdearte<\/a>&nbsp; (whatsapp) e <a href=\"http:\/\/t.me\/trabalhadoresdearte\">http:\/\/t.me\/trabajadoresdearte<\/a> (telegram).<\/li>\n<\/ul>\n<\/li>\n<\/ul>\n<\/div>\n<div class=\"col-md-6 col-sm-6 col-xs-12 color4-background-color color-4-text-contrast bg-background-color col-lg-6\">\n<h1 class=\"\"><strong class=\"verdana11\">O que h\u00e1 de novo na vers\u00e3o 1.2 \/ junho de 2021<\/strong><\/h1>\n<ul class=\"\" style=\"font-size: 14px;\">\n<li style=\"list-style-type: none;\">\n<ul class=\"\">\n<li class=\"verdana111\"><strong>Atualiza\u00e7\u00e3o dos Valores M\u00ednimos Referenciais <\/strong>de acordo com os utilizados pela Calculadora de Or\u00e7amento em Arte.<strong><br \/>\nhttp:\/\/cuantovalemitrabajoenarte.org<\/strong><\/li>\n<\/ul>\n<\/li>\n<\/ul>\n<div class=\"row bg-editor-hr-wrap\">\n<div class=\"col-md-12 col-xs-12 col-sm-12 col-lg-12\">\n<div>\n<div class=\"bg-hr bg-hr-2\"><\/div>\n<p>&nbsp;<\/p>\n<\/div>\n<\/div>\n<\/div>\n<p class=\"\" style=\"text-align: center; font-size: 14px;\"><strong>Compartilhe, baixe e adicione este c\u00f3digo QR \u00e0s suas publica\u00e7\u00f5es impressas com o link nesta p\u00e1gina.<\/strong><\/p>\n<p class=\"\" style=\"background-color: #ffffff; text-align: center; font-size: 14px;\"><img loading=\"lazy\" decoding=\"async\" class=\"alignnone wp-image-877 \" src=\"https:\/\/www.trabajadoresdearte.org\/sitio\/wp-content\/uploads\/2021\/06\/Acuerdo_Trabajadores_BRASIL.png\" alt=\"\" width=\"253\" height=\"254\" srcset=\"https:\/\/www.trabajadoresdearte.org\/sitio\/wp-content\/uploads\/2021\/06\/Acuerdo_Trabajadores_BRASIL.png 810w, https:\/\/www.trabajadoresdearte.org\/sitio\/wp-content\/uploads\/2021\/06\/Acuerdo_Trabajadores_BRASIL-300x300.png 300w, https:\/\/www.trabajadoresdearte.org\/sitio\/wp-content\/uploads\/2021\/06\/Acuerdo_Trabajadores_BRASIL-150x150.png 150w, https:\/\/www.trabajadoresdearte.org\/sitio\/wp-content\/uploads\/2021\/06\/Acuerdo_Trabajadores_BRASIL-768x768.png 768w, https:\/\/www.trabajadoresdearte.org\/sitio\/wp-content\/uploads\/2021\/06\/Acuerdo_Trabajadores_BRASIL-48x48.png 48w, https:\/\/www.trabajadoresdearte.org\/sitio\/wp-content\/uploads\/2021\/06\/Acuerdo_Trabajadores_BRASIL-250x250.png 250w, https:\/\/www.trabajadoresdearte.org\/sitio\/wp-content\/uploads\/2021\/06\/Acuerdo_Trabajadores_BRASIL-550x550.png 550w, https:\/\/www.trabajadoresdearte.org\/sitio\/wp-content\/uploads\/2021\/06\/Acuerdo_Trabajadores_BRASIL-800x800.png 800w, https:\/\/www.trabajadoresdearte.org\/sitio\/wp-content\/uploads\/2021\/06\/Acuerdo_Trabajadores_BRASIL-180x180.png 180w, https:\/\/www.trabajadoresdearte.org\/sitio\/wp-content\/uploads\/2021\/06\/Acuerdo_Trabajadores_BRASIL-500x500.png 500w\" sizes=\"auto, (max-width: 253px) 100vw, 253px\" \/><br \/>\n<strong>Acordo de Trabalhadores de Arte Contempor\u00e2nea no Brasil<\/strong>.<\/p>\n<h1 class=\"\" style=\"text-align: center;\">&nbsp;<\/h1>\n<\/div>\n<\/div>\n<\/div>\n<\/div>\n<div class=\"boldgrid-section\">\n<div class=\"container\">\n<div class=\"row\">\n<div class=\"col-md-12 col-xs-12 col-sm-12 col-lg-12\">\n<div class=\"\" style=\"text-align: center;\">\n<p class=\"\"><\/p>\n<\/div>\n<\/div>\n<\/div>\n<\/div>\n<\/div>\n<div class=\"boldgrid-section\">\n<div class=\"container\">\n<div class=\"row\">\n<div class=\"col-md-12 col-xs-12 col-sm-12 col-lg-12\"><\/div>\n<\/div>\n<\/div>\n<\/div>\n","protected":false},"excerpt":{"rendered":"<p>Acordo de Trabalhadores de Arte Contempor\u00e2nea para a Regula\u00e7\u00e3o das Rela\u00e7\u00f5es de Trabalho entre Pessoas, Organiza\u00e7\u00f5es e Institui\u00e7\u00f5es de Arte Contempor\u00e2nea. atualizado para o Brasil. vers\u00e3o 1.2 &#8211; junho de 2021. Baixe o Acordo&nbsp;, leia-o com aten\u00e7\u00e3o e guarde uma c\u00f3pia. Entre no Formul\u00e1rio ONLINE para se inscrever e preencher seus dados. Ajude-nos a espalhar-lo. &hellip; <a href=\"https:\/\/www.trabajadoresdearte.org\/sitio\/acordo-de-trabalhadores-de-arte-brasil\/\" class=\"more-link\">Sigue leyendo <span class=\"screen-reader-text\">Acordo de Trabalhadores de Arte &#8211; Brasil.<\/span><\/a><\/p>\n","protected":false},"author":1,"featured_media":0,"parent":0,"menu_order":0,"comment_status":"closed","ping_status":"closed","template":"template\/page\/fullwidth.php","meta":{"bgseo_title":"","bgseo_description":"","bgseo_robots_index":"index","bgseo_robots_follow":"follow","footnotes":""},"class_list":["post-543","page","type-page","status-publish","hentry"],"_links":{"self":[{"href":"https:\/\/www.trabajadoresdearte.org\/sitio\/wp-json\/wp\/v2\/pages\/543","targetHints":{"allow":["GET"]}}],"collection":[{"href":"https:\/\/www.trabajadoresdearte.org\/sitio\/wp-json\/wp\/v2\/pages"}],"about":[{"href":"https:\/\/www.trabajadoresdearte.org\/sitio\/wp-json\/wp\/v2\/types\/page"}],"author":[{"embeddable":true,"href":"https:\/\/www.trabajadoresdearte.org\/sitio\/wp-json\/wp\/v2\/users\/1"}],"replies":[{"embeddable":true,"href":"https:\/\/www.trabajadoresdearte.org\/sitio\/wp-json\/wp\/v2\/comments?post=543"}],"version-history":[{"count":11,"href":"https:\/\/www.trabajadoresdearte.org\/sitio\/wp-json\/wp\/v2\/pages\/543\/revisions"}],"predecessor-version":[{"id":1267,"href":"https:\/\/www.trabajadoresdearte.org\/sitio\/wp-json\/wp\/v2\/pages\/543\/revisions\/1267"}],"wp:attachment":[{"href":"https:\/\/www.trabajadoresdearte.org\/sitio\/wp-json\/wp\/v2\/media?parent=543"}],"curies":[{"name":"wp","href":"https:\/\/api.w.org\/{rel}","templated":true}]}}